{"id":10936,"date":"2024-04-03T23:42:28","date_gmt":"2024-04-03T20:42:28","guid":{"rendered":"https:\/\/sisu.ut.ee\/ewod\/?page_id=10936"},"modified":"2026-08-14T14:02:46","modified_gmt":"2026-08-14T11:02:46","slug":"sanna-kartau","status":"publish","type":"page","link":"https:\/\/ewod.ut.ee\/et\/k\/sanna-kartau\/","title":{"rendered":"Sanna Kartau"},"content":{"rendered":"<figure class=\"wp-block-image alignright size-full is-resized\"><a href=\"https:\/\/sisu.ut.ee\/wp-content\/uploads\/sites\/108\/sanna_kartau_kris_moor.jpeg\"><img loading=\"lazy\" decoding=\"async\" width=\"641\" height=\"967\" src=\"https:\/\/sisu.ut.ee\/wp-content\/uploads\/sites\/108\/sanna_kartau_kris_moor_vaike.jpg\" alt=\"\" class=\"wp-image-6408\" style=\"aspect-ratio:0.6628817188639492;width:301px;height:auto\" title=\"Foto: Kris Moor\" srcset=\"https:\/\/sisu.ut.ee\/wp-content\/uploads\/sites\/108\/sanna_kartau_kris_moor_vaike.jpg 641w, https:\/\/sisu.ut.ee\/wp-content\/uploads\/sites\/108\/sanna_kartau_kris_moor_vaike-199x300.jpg 199w\" sizes=\"auto, (max-width: 641px) 100vw, 641px\"><\/a><\/figure>\n\n\n\n<p class=\"wp-block-paragraph\">Sanna Kartau (s\u00fcndinud 25. XI 1993) on ajakirjanik ja luuletaja.<\/p>\n\n\n\n<p class=\"wp-block-paragraph\">Kartau on s\u00fcndinud Tallinnas. Ta on l\u00f5petanud 2012. aastal Rocca al Mare Kooli ja 2016. aastal Tallinna \u00dclikooli bakalaureusekraadiga sotsioloogia erialal. Kooliaastatel oli Kartau Rocca al Mare koolilehe Casus Belli peatoimetaja. P\u00e4rast sotsioloogia\u00f5pingute l\u00f5petamist elas ta viis aastat Saksamaal. 2021. aastal ilmusid Berliinis loovkirjutamise kogukonna antoloogias \u201eThe Sundays Book\u201c 29 luuletaja teoste hulgas Kartau luuletused. Sanna Kartau oli aastatel 2021-2023 ajalehe M\u00fc\u00fcrileht kultuuritoimetaja.<\/p>\n\n\n\n<p class=\"wp-block-paragraph\">Sanna Kartau esimene luulekogu \u201eMa h\u00e4\u00e4letan selle s\u00f5ja poolt oma kehaga\u201c ilmus 2022. aastal. Selles raamatus avaldub Kartau p\u00fc\u00fcdlus murda l\u00e4bi m\u00f5istmatusest, eba\u00f5iglusest ja kaosest. Raamatu l\u00fc\u00fcriline tegelane hindab ehtsust suhtlemises ja suhetes, lapsep\u00f5lves omandatud loomulikkust. Autor on ammutanud inspiratsiooni osati v\u00f5\u00f5rsilt.<\/p>\n\n\n\n<p class=\"wp-block-paragraph\">Kunstnikuna viib Kartau oma visioone ellu peamiselt <em>performance<\/em>\u2019i-\u017eanris, kasutades luulet, keskkonnahelide salvestusi, lugude jutustamist ja liikumist kontseptualiseerimaks soo, kaotuse, privaatsuse ja mina poorsusega seotud teemasid. Ta on esinenud mitmetel festivalidel ja kunstiruumides \u00fcle Eesti.<\/p>\n\n\n\n<p class=\"wp-block-paragraph\">2022. aastal p\u00e4lvis Kartau ajakirja V\u00e4rske R\u00f5hk aastapreemia luule kategoorias. Samal aastal m\u00e4\u00e4rati talle deb\u00fc\u00fctluulekogu eest Betti Alveri kirjandusauhind.<\/p>\n\n\n\n<p class=\"wp-block-paragraph\"><em>L. P.<\/em><\/p>\n\n\n\n<h4 class=\"wp-block-heading\"><br>Raamatud eesti keeles<\/h4>\n\n\n\n<p class=\"wp-block-paragraph\"><strong><em>Luule<\/em><\/strong><br><strong>Ma h\u00e4\u00e4letan selle s\u00f5ja poolt oma kehaga<\/strong>. Tallinn: Tuum, 2022, 82 lk.<\/p>\n","protected":false},"excerpt":{"rendered":"<p>Sanna Kartau (s\u00fcndinud 25. XI 1993) on ajakirjanik ja luuletaja. Kartau on s\u00fcndinud Tallinnas. Ta on l\u00f5petanud 2012. aastal Rocca al Mare Kooli ja 2016. aastal Tallinna \u00dclikooli bakalaureusekraadiga sotsioloogia erialal. Kooliaastatel oli Kartau Rocca al Mare koolilehe Casus Belli &#8230;<\/p>\n","protected":false},"author":43,"featured_media":0,"parent":6484,"menu_order":0,"comment_status":"closed","ping_status":"closed","template":"","meta":{"_acf_changed":false,"inline_featured_image":false,"footnotes":""},"class_list":["post-10936","page","type-page","status-publish","hentry"],"acf":[],"_links":{"self":[{"href":"https:\/\/ewod.ut.ee\/et\/wp-json\/wp\/v2\/pages\/10936","targetHints":{"allow":["GET"]}}],"collection":[{"href":"https:\/\/ewod.ut.ee\/et\/wp-json\/wp\/v2\/pages"}],"about":[{"href":"https:\/\/ewod.ut.ee\/et\/wp-json\/wp\/v2\/types\/page"}],"author":[{"embeddable":true,"href":"https:\/\/ewod.ut.ee\/et\/wp-json\/wp\/v2\/users\/43"}],"replies":[{"embeddable":true,"href":"https:\/\/ewod.ut.ee\/et\/wp-json\/wp\/v2\/comments?post=10936"}],"version-history":[{"count":2,"href":"https:\/\/ewod.ut.ee\/et\/wp-json\/wp\/v2\/pages\/10936\/revisions"}],"predecessor-version":[{"id":10939,"href":"https:\/\/ewod.ut.ee\/et\/wp-json\/wp\/v2\/pages\/10936\/revisions\/10939"}],"up":[{"embeddable":true,"href":"https:\/\/ewod.ut.ee\/et\/wp-json\/wp\/v2\/pages\/6484"}],"wp:attachment":[{"href":"https:\/\/ewod.ut.ee\/et\/wp-json\/wp\/v2\/media?parent=10936"}],"curies":[{"name":"wp","href":"https:\/\/api.w.org\/{rel}","templated":true}]}}