{"id":11011,"date":"2024-04-03T23:40:54","date_gmt":"2024-04-03T20:40:54","guid":{"rendered":"https:\/\/sisu.ut.ee\/ewod\/?page_id=11011"},"modified":"2026-08-16T18:42:56","modified_gmt":"2026-08-16T15:42:56","slug":"mika-keranen","status":"publish","type":"page","link":"https:\/\/ewod.ut.ee\/et\/k\/mika-keranen\/","title":{"rendered":"Mika Ker\u00e4nen"},"content":{"rendered":"<figure class=\"wp-block-image alignright size-large is-resized\"><a href=\"https:\/\/sisu.ut.ee\/wp-content\/uploads\/sites\/108\/keranen-scaled.jpg\"><img loading=\"lazy\" decoding=\"async\" width=\"681\" height=\"1024\" src=\"https:\/\/sisu.ut.ee\/wp-content\/uploads\/sites\/108\/keranen-681x1024.jpg\" alt=\"\" class=\"wp-image-5926\" style=\"aspect-ratio:0.6650451260647844;width:227px;height:auto\" title=\"Foto: Alar Madisson\" srcset=\"https:\/\/sisu.ut.ee\/wp-content\/uploads\/sites\/108\/keranen-681x1024.jpg 681w, https:\/\/sisu.ut.ee\/wp-content\/uploads\/sites\/108\/keranen-200x300.jpg 200w, https:\/\/sisu.ut.ee\/wp-content\/uploads\/sites\/108\/keranen-768x1154.jpg 768w, https:\/\/sisu.ut.ee\/wp-content\/uploads\/sites\/108\/keranen-1022x1536.jpg 1022w, https:\/\/sisu.ut.ee\/wp-content\/uploads\/sites\/108\/keranen-1363x2048.jpg 1363w, https:\/\/sisu.ut.ee\/wp-content\/uploads\/sites\/108\/keranen-1920x2885.jpg 1920w, https:\/\/sisu.ut.ee\/wp-content\/uploads\/sites\/108\/keranen-scaled.jpg 1703w\" sizes=\"auto, (max-width: 681px) 100vw, 681px\"><\/a><\/figure>\n\n\n\n<p class=\"wp-block-paragraph\">Mika Ker\u00e4nen (s. 24. XI 1973) on soome p\u00e4ritolu eesti lastekirjanik ja Tartu partioot, kes on tuntuks saanud lastele adresseeritud kriminaaljutustuste sarjaga, mille seikluslik s\u00fcndmustik toimub Tartus Supilinna-olustikus.<\/p>\n\n\n\n<p class=\"wp-block-paragraph\">S\u00fcndis Helsingis, kasvas \u00fcles Soome-Karjala idapoolseimas nurgas Ilomantsis. L\u00f5petas 1992. aastal Kitee G\u00fcmnaasiumi. \u00d5pingud Ilomantsi aiandustehnikumis aianduse ja Eesti P\u00f5llumajandus\u00fclikoolis metsanduse erialal j\u00e4id pooleli. 1999 l\u00f5petas Tartu \u00dclikooli eesti keel v\u00f5\u00f5rkeelena eriala. Seej\u00e4rel t\u00f6\u00f6tas Soomes kodumaiste keelte uurimiskeskuse teadurina ja t\u00f5lkeb\u00fcroodes eesti-soome t\u00f5lgina. Aastatel 2002\u20132006 oli Soomes Eesti Instituudi juhataja. Alates 2006. aastast elab ja t\u00f6\u00f6tab Eestis Tartus. On t\u00f6\u00f6tanud Eesti Vabariigi Haridus- ja Teadusministeeriumis v\u00e4lissuhete talituse n\u00f5unikuna, Tartu \u00dclikoolis soome keele \u00f5petajana ja Luunja keskkoolis eesti keele ja kirjanduse \u00f5petajana. Ta on Tartu Noorte Autorite Koondise \u00fcks asutajatest. 2010 p\u00e4lvis Eesti Kultuurkapitali kirjanduse sihtkapitali aastapreemia, 2018. aastal oli ta Tartu Linnakirjanik. Ta on p\u00e4lvinud <a href=\"https:\/\/ewod.ut.ee\/et\/o\/julius-oengo\/\" data-type=\"page\" data-id=\"9028\">J. Oro<\/a> lastekirjanduse auhinna, J\u00e4rje Hoidja lastekirjanduse auhinna ja mitmel korral Nukitsa lastekirjanduse auhinna. Tema kirglik huviala on jalgpall.<\/p>\n\n\n\n<p class=\"wp-block-paragraph\">Ker\u00e4nen on avaldanud pseudon\u00fc\u00fcmi Mihkel Kera all luulekogu \u201eT\u00e4helepanekuid noorus\u00adaastatest\u201c (2003). Ta on kirjutanud lastele algup\u00e4raste krimiraamatute sarja, kus hoogsa ja p\u00f5neva s\u00fcndmustiku k\u00e4igus lahendavad alaealised meisterdetektiivid leidlikult kuritegusid. Jutustused tutvustavad Supilinna, kummalise Tartu linnaosa huvitavaid inimesi ja erakordset \u00f5hustikku. Deb\u00fc\u00fctraamatus \u201eVarastatud oran\u017e jalgratas\u201c (2008) saavad noordetektiivid j\u00e4lile jalgrattavaraste j\u00f5ugule; jutustuses \u201ePeidetud h\u00f5bedane aardelaegas\u201c (2009) ajab s\u00f5pruskond taga s\u00f5ja ajal linna botaanikaaeda maetud varandust. J\u00e4rgnevates raamatutes \u201eVana roosa maja\u201c (2010), \u201eSalap\u00e4rane lillen\u00e4ppaja\u201c (2011), \u201eProfessor Must\u201c (2013), \u201eKuldne Lurich\u201c (2014), \u201eK\u00fcttepuuvargad\u201c (2015), \u201eJ\u00f5mmu\u201c (2016) ja \u201eFantoomrattur\u201c (2017) j\u00e4tkuvad Supilinna laste salaseltsi seiklused. \u201ePruudit\u00f6\u00f6v\u201d (2024), milles salaselts Rampsu otsib taga Tartu koerten\u00e4ituselt varastatud buldogi, on juba kaheteistk\u00fcmnes Rampsu raamat.<\/p>\n\n\n\n<p class=\"wp-block-paragraph\">Nooremale koolieale kirjutatud \u201eArmando\u201c (2012) r\u00e4\u00e4gib Argentiinast Eestisse kolinud koolipoisi kohanemisraskustest, samuti sallivusest teiste rahvuste vastu. Ker\u00e4nen kirjutas \u201eArmandole\u201d mitu j\u00e4rge nii eesti kui soome keeles (2019, 2021, 2022 ning kaks raamatut 2023. aastal). Armando-lugudes on kesksel kohal jalgpall.<\/p>\n\n\n\n<p class=\"wp-block-paragraph\">Ker\u00e4neni lasteraamatute p\u00f5hjal on valminud Soome\u2013Eesti koost\u00f6\u00f6s seikluslik koguperefilm \u201eSupilinna salaselts\u201c (2015, re\u017eiss\u00f6\u00f6r Margus Paju). Eesti Draamateatris on etendunud lastelavastused \u201eVarastatud oran\u017e jalgratas\u201c (2010), \u201eVana roosa maja\u201c (2012) ja \u201eKuldne Lurich\u201c (2014, k\u00f5igi lavastaja Ingomar Vihmar). Supilinna linnaosa eluolust on ta avaldanud \u201eMinu\u201c-sarjas raamatu \u201eMinu Supilinn\u201c (2012), milles kirjeldatakse seiku, kohti ja inimesi, mille v\u00f5i kellega autor on kokku puutunud. Samas sarjas on Ker\u00e4nen avaldanud ka \u201eMinu Karjala. Dam di-di-dam!\u201d (2022) oma lapse-ja noorusmaastikest. Soome keeles on ta kirjutanud noorsooromaani \u201eMaaliviivalla\u201c (2014; e. k. \u201eV\u00e4ravajoonel\u201c, 2014). Tema teoseid on t\u00f5lgitud soome, vene ja l\u00e4ti keelde. Ta ise on t\u00f5lkinud soome keelde Mehis Heinsaare, Andrus Kivir\u00e4hki, Hasso Krulli, <a href=\"https:\/\/ewod.ut.ee\/et\/m\/veiko-marka\/\" data-type=\"page\" data-id=\"10150\">Veiko M\u00e4rka<\/a> ja <a href=\"https:\/\/ewod.ut.ee\/et\/w\/wimberg\/\" data-type=\"page\" data-id=\"6677\">Wimbergi<\/a> loomingut.<\/p>\n\n\n\n<p class=\"wp-block-paragraph\"><em>A. O.<\/em><\/p>\n\n\n\n<h4 class=\"wp-block-heading\"><br>Raamatud eesti keeles<\/h4>\n\n\n\n<p class=\"wp-block-paragraph\"><strong><em>Lasteraamatud<\/em><\/strong><br><strong>Varastatud oran\u017e jalgratas<\/strong>. Tallinn: Jutulind, 2008, 87 lk. [J\u00e4rgnevad tr\u00fckid: 2010, 2023.]<br><strong>Peidetud h\u00f5bedane aardelaegas<\/strong>. Tallinn: Jutulind, 2009, 115 lk.<br><strong>Vana roosa maja<\/strong>. Tallinn: Jutulind, 2010, 92 lk. [2. tr\u00fckk: 2022.]<br><strong>Salap\u00e4rane lillen\u00e4ppaja<\/strong>. Tartu: Kerop\u00e4\u00e4, 2011, 141 lk.<br><strong>Armando<\/strong>. Tallinn: Tallinna Keskraamatukogu, 2012, 44 lk. [J\u00e4rgnevad tr\u00fckid: 2015, 2022.]<br><strong>Professor Must<\/strong>. Tartu: Kerop\u00e4\u00e4, 2013, 140 lk.<br><strong>Kuldne Lurich<\/strong>. Tartu: Kerop\u00e4\u00e4, 2014, 146 lk.<br><strong>K\u00fcttepuuvargad<\/strong>. Tartu: Kerop\u00e4\u00e4, 2015, 118 lk.<br><strong>J\u00f5mmu<\/strong>. Tartu: Kerop\u00e4\u00e4, 2016, 157 lk.<br><strong>Fantoomrattur<\/strong>. Tartu: Kerop\u00e4\u00e4, 2017, 157 lk.<br><strong>Khaba ja Nebra<\/strong>. Tartu: Kerop\u00e4\u00e4, 2018, 160 lk.<br><strong>Soome pitsa<\/strong>. Salaselts Rampsu k\u00fcmnes juhtum. Tartu: Kerop\u00e4\u00e4, 2019, 150 lk.<br><strong>Vanemuise v\u00e4its<\/strong>. Salaselts Rampsu \u00fcheteistk\u00fcmnes juhtum. Tartu: Kerop\u00e4\u00e4, 2020, 221 lk.<br><strong>Armando ja Ahjulinnud<\/strong>. Tartu: Kerop\u00e4\u00e4, 2021, 93 lk.<br><strong>Armando suvelaagris<\/strong>. Tartu: Kerop\u00e4\u00e4 O\u00dc, 2022, 82 lk.<br><strong>Armando Inglismaal<\/strong>. Tartu: Kerop\u00e4\u00e4, 2023, 134 lk.<br><strong>Armando kohtunikuna<\/strong>. Tartu: Kirjastus Kerop\u00e4\u00e4 O\u00dc, 2023, 76 lk.<br><strong>Pruudir\u00f6\u00f6v<\/strong>. Salaselts Rampsu kaheteistk\u00fcmnes juhtum. Tartu: Kerop\u00e4\u00e4, 2024, 148 lk.<\/p>\n\n\n\n<p class=\"wp-block-paragraph\"><strong><em>luule<\/em><\/strong><br>Mihkel Kera, <strong>T\u00e4helepanekuid noorusaastatest<\/strong>. Helsinki: Kirja Kerrallaan, 2003, 124 lk.<\/p>\n\n\n\n<p class=\"wp-block-paragraph\"><strong><em>M\u00e4lestused<\/em><\/strong><br><strong>Minu Supilinn: t\u00f5elise elu mekk<\/strong>. Tartu: Petrone Print, 2012, 196 lk. [2. tr\u00fckk: 2022.]<br><strong>Minu Karjala : dam, di-di-dam!<\/strong>. Tartu: Petrone Print, 2022, 224 lk.<br><strong>Saunarahu<\/strong>. Saunakiri aastast 2024. Tartu: Kirjastus Kerop\u00e4\u00e4 O\u00dc, 2025, 195 lk.<\/p>\n\n\n\n<h4 class=\"wp-block-heading\"><br>Raamatud soome keeles<\/h4>\n\n\n\n<p class=\"wp-block-paragraph\"><strong><em>Romaan<\/em><\/strong><br><strong>Maaliviivalla<\/strong>. Helsinki: WSOY, 2014, 207 lk. [Noorteromaan.]<\/p>\n\n\n\n<p class=\"wp-block-paragraph\"><em><strong>Lasteraamat<\/strong><\/em><br><strong>Armando muuttaa Suomeen<\/strong>. Helsinki: Lector Kustannus, 2019, 93 lk.<\/p>\n\n\n\n<p class=\"wp-block-paragraph\"><strong><em>Luule<\/em><\/strong><br>Indrek Koff, Mika Ker\u00e4nen, <strong>Oi Suomi on. Er\u00e4\u00e4nlainen selviytymistarina<\/strong>. Vironkielisest\u00e4 alkuper\u00e4isteoksesta [\u2026] suomen oloihin koulinut Mika Ker\u00e4nen; kannen suunnittelu ja taitto: Piia Ruber, valokuvat: Mika Ker\u00e4nen. Tartu: Kerop\u00e4\u00e4, 2018, 69 lk. [Adaptation of Indrek Koff\u2019s \u2019Eestluse eluj\u00f5ust: h\u00fcsteeriline traktaat\u2019.]<\/p>\n","protected":false},"excerpt":{"rendered":"<p>Mika Ker\u00e4nen (s. 24. XI 1973) on soome p\u00e4ritolu eesti lastekirjanik ja Tartu partioot, kes on tuntuks saanud lastele adresseeritud kriminaaljutustuste sarjaga, mille seikluslik s\u00fcndmustik toimub Tartus Supilinna-olustikus. S\u00fcndis Helsingis, kasvas \u00fcles Soome-Karjala idapoolseimas nurgas Ilomantsis. L\u00f5petas 1992. aastal Kitee &#8230;<\/p>\n","protected":false},"author":43,"featured_media":0,"parent":6484,"menu_order":0,"comment_status":"closed","ping_status":"closed","template":"","meta":{"_acf_changed":false,"inline_featured_image":false,"footnotes":""},"class_list":["post-11011","page","type-page","status-publish","hentry"],"acf":[],"_links":{"self":[{"href":"https:\/\/ewod.ut.ee\/et\/wp-json\/wp\/v2\/pages\/11011","targetHints":{"allow":["GET"]}}],"collection":[{"href":"https:\/\/ewod.ut.ee\/et\/wp-json\/wp\/v2\/pages"}],"about":[{"href":"https:\/\/ewod.ut.ee\/et\/wp-json\/wp\/v2\/types\/page"}],"author":[{"embeddable":true,"href":"https:\/\/ewod.ut.ee\/et\/wp-json\/wp\/v2\/users\/43"}],"replies":[{"embeddable":true,"href":"https:\/\/ewod.ut.ee\/et\/wp-json\/wp\/v2\/comments?post=11011"}],"version-history":[{"count":4,"href":"https:\/\/ewod.ut.ee\/et\/wp-json\/wp\/v2\/pages\/11011\/revisions"}],"predecessor-version":[{"id":11016,"href":"https:\/\/ewod.ut.ee\/et\/wp-json\/wp\/v2\/pages\/11011\/revisions\/11016"}],"up":[{"embeddable":true,"href":"https:\/\/ewod.ut.ee\/et\/wp-json\/wp\/v2\/pages\/6484"}],"wp:attachment":[{"href":"https:\/\/ewod.ut.ee\/et\/wp-json\/wp\/v2\/media?parent=11011"}],"curies":[{"name":"wp","href":"https:\/\/api.w.org\/{rel}","templated":true}]}}