{"id":11179,"date":"2024-04-03T23:39:41","date_gmt":"2024-04-03T20:39:41","guid":{"rendered":"https:\/\/sisu.ut.ee\/ewod\/?page_id=11179"},"modified":"2026-08-24T16:03:59","modified_gmt":"2026-08-24T13:03:59","slug":"vladislav-korzets","status":"publish","type":"page","link":"https:\/\/ewod.ut.ee\/et\/k\/vladislav-korzets\/","title":{"rendered":"Vladislav Kor\u017eets"},"content":{"rendered":"<figure class=\"wp-block-image alignright size-large is-resized\"><img loading=\"lazy\" decoding=\"async\" width=\"803\" height=\"1024\" src=\"https:\/\/sisu.ut.ee\/wp-content\/uploads\/sites\/108\/vladislav_korzhets_kalju_suur-803x1024.jpg\" alt=\"\" class=\"wp-image-6341\" style=\"aspect-ratio:0.784171338587032;width:262px;height:auto\" title=\"Foto: Kalju Suur\" srcset=\"https:\/\/sisu.ut.ee\/wp-content\/uploads\/sites\/108\/vladislav_korzhets_kalju_suur-803x1024.jpg 803w, https:\/\/sisu.ut.ee\/wp-content\/uploads\/sites\/108\/vladislav_korzhets_kalju_suur-235x300.jpg 235w, https:\/\/sisu.ut.ee\/wp-content\/uploads\/sites\/108\/vladislav_korzhets_kalju_suur-768x979.jpg 768w, https:\/\/sisu.ut.ee\/wp-content\/uploads\/sites\/108\/vladislav_korzhets_kalju_suur-1205x1536.jpg 1205w, https:\/\/sisu.ut.ee\/wp-content\/uploads\/sites\/108\/vladislav_korzhets_kalju_suur-1606x2048.jpg 1606w, https:\/\/sisu.ut.ee\/wp-content\/uploads\/sites\/108\/vladislav_korzhets_kalju_suur.jpg 1723w\" sizes=\"auto, (max-width: 803px) 100vw, 803px\"><\/figure>\n\n\n\n<p class=\"wp-block-paragraph\">Vladislav Kor\u017eets (9. IX 1951) on humorist, ajakirjanik, luuletaja ja kalandusentusiast.<\/p>\n\n\n\n<p class=\"wp-block-paragraph\">S\u00fcndis Siberis Krasnojarski krais eesti ja poola p\u00e4ritolu vanemate lapsena. 1957. aastast \u00f5ppis Tallinnas, aastatel 1970-1974 Tallinna Pedagoogilises Instituudis, mille l\u00f5petas matemaatika\u00f5petajana. T\u00f6\u00f6tanud huumoriajakirjas Pikker ja ajalehes P\u00fchap\u00e4evaleht ning ajakirja Kalastaja peatoimetajana. Kirjanike Liidu liige alates 1991.<\/p>\n\n\n\n<p class=\"wp-block-paragraph\">Mitmek\u00fclgse Kor\u017eetsi loometee alguses on humoreskid, millest esimene ilmus 1974. aastal Noorte H\u00e4\u00e4les. Ta on kirjutanud n\u00e4idendeid nii lastele \u2013 nt \u201eN\u00e4\u00e4rila ja N\u00e4rula\u201c (lavastatud 1983) ja \u201eKoll Kalli\u201c (lavastatud 1985) \u2013 kui t\u00e4iskasvanutele, nii n\u00e4iteks toetub <a href=\"https:\/\/ewod.ut.ee\/et\/t\/a-h-tammsaare\/\" data-type=\"page\" data-id=\"8618\">A. H. Tammsaare<\/a> \u201eP\u00f5rgup\u00f5hja uue Vanapagana\u201c motiividele kom\u00f6\u00f6dia \u201eT\u00fchivaim\u201c (lavastatud 1986), mis v\u00f5tab k\u00f5verpeeglisse kaasaegse maailma pahed. \u201eT\u00fchivaim\u201d p\u00e4lvis Noorsooteatri n\u00e4idendiv\u00f5istlusel teise auhinna.<\/p>\n\n\n\n<p class=\"wp-block-paragraph\">Eraldi raamatuna on ilmunud lastejuttude kogud \u201e\u00dcks t\u00fcdruk, nimi Merike\u201c (1982) ja \u201e\u00dckskord \u00fches paigas\u201c (2018).<\/p>\n\n\n\n<p class=\"wp-block-paragraph\">Lisaks stsenaariume, estraadipalu, laulus\u00f5nu jm kirjutanud ning Eesti Televisioonis keskkonnasaadet \u201eOsoon\u201c juhtinud Kor\u017eets on viimastel aastatel p\u00e4lvinud t\u00e4helepanu ja tunnustust luuletajana. S\u00f5na- ja keelem\u00e4nguline deb\u00fc\u00fctkogu \u201eLaulud v\u00f5i nii\u201c (2016, Eesti Kultuurkapitali kirjanduse sihtkapitali aastapreemia) sisaldab nii humoristlikke kui igavikulisemaid teemasid ja m\u00f5tisklusi; kogu m\u00f5tteliseks j\u00e4rjeks on \u201eInglijaht, ehk Uued laulud v\u00f5i nii\u201c (2020).<\/p>\n\n\n\n<p class=\"wp-block-paragraph\">Kor\u017eets on p\u00e4lvinud ka Moskvas 1987. aastal teise auhinna kuuldem\u00e4ngu \u201eTaevane muna\u201c eest (lavastatud 1982), <a href=\"https:\/\/ewod.ut.ee\/et\/l\/oskar-luts\/\" data-type=\"page\" data-id=\"10492\">Oskar Lutsu<\/a> huumoripreemia (1988), Valget\u00e4he V klassi teenetem\u00e4rgi (2011) ja Eesti looduskaitsem\u00e4rgi (2017).<\/p>\n\n\n\n<p class=\"wp-block-paragraph\"><em>A. K.<\/em><\/p>\n\n\n\n<h4 class=\"wp-block-heading\"><br>Raamatud eesti keeles<\/h4>\n\n\n\n<p class=\"wp-block-paragraph\"><strong><em>Luule<\/em><\/strong><br><strong>Laulud v\u00f5i nii<\/strong>. Tallinn: S\u00f5navald, 2016, 52 lk. [2 tr\u00fckk: 2018.]<br><strong>M\u00f5tteleek: \u00dclev Suurm\u00f5lgi valitud m\u00f5tteid, s\u00f5nav\u00f5tte ja poeese<\/strong>. Tallinn: S\u00f5navald, 2018, 127 lk.<br><strong>Inglijaht, ehk Uued laulud v\u00f5i nii: salmitud 2016-2020<\/strong>. Tallinn: S\u00f5navald, 2020, 76 lk.<br><strong>Kopli park : vemmalv\u00e4rsse ja muid 2020-2023<\/strong>. Tallinn: S\u00f5navald O\u00dc, 2023, 61 lk.<\/p>\n\n\n\n<p class=\"wp-block-paragraph\"><strong><em>Proosa<\/em><\/strong><br><strong>On nigu on<\/strong>. Tallinn: EKP KK Kirjastus, 1989, 95 lk. [Huumor.]<br>Vladislav Kor\u017eets, Harri Lehiste, <strong>H\u00e4rra kodanik M\u00e4nnike<\/strong>. Tallinn: S\u00f5navald, 2020, 381 lk. [Huumor.]<br><strong>Oli nigu oli<\/strong>. Tallinn: S\u00f5navald O\u00dc, 2026, 268 lk.<\/p>\n\n\n\n<p class=\"wp-block-paragraph\"><strong><em>Lasteraamatud<\/em><\/strong><br><strong>\u00dcks t\u00fcdruk, nimi Merike<\/strong>. Tallinn: Eesti Raamat, 1982, 31 lk.<br><strong>\u00dckskord \u00fches paigas<\/strong>: lood lastele ja lastest vanematele. Tallinn: S\u00f5navald, 2018, 111 lk.<\/p>\n\n\n\n<p class=\"wp-block-paragraph\"><strong><em>Kalandus<\/em><\/strong><br><strong>\u00d5ngitsemine<\/strong>. Tallinn: Kalastaja Raamat, 2003, 352 lk.<br><strong>Kor\u017eetsi kalaraamat<\/strong>. Tallinn: Forma Media, 2006, 131 lk.<br><strong>\u00d5ngitsemine+<\/strong>. Tallinn: S\u00f5navald, 2013, 400 lk.<br>Vladislav Kor\u017eets, Kaarel Kor\u017eets, <strong>Kor\u017eetsi suur kalaraamat<\/strong>. Tallinn: S\u00f5navald, 2016, 656 lk. [2. v\u00e4ljaanne: 2023.]<\/p>\n","protected":false},"excerpt":{"rendered":"<p>Vladislav Kor\u017eets (9. IX 1951) on humorist, ajakirjanik, luuletaja ja kalandusentusiast. S\u00fcndis Siberis Krasnojarski krais eesti ja poola p\u00e4ritolu vanemate lapsena. 1957. aastast \u00f5ppis Tallinnas, aastatel 1970-1974 Tallinna Pedagoogilises Instituudis, mille l\u00f5petas matemaatika\u00f5petajana. T\u00f6\u00f6tanud huumoriajakirjas Pikker ja ajalehes P\u00fchap\u00e4evaleht ning &#8230;<\/p>\n","protected":false},"author":43,"featured_media":0,"parent":6484,"menu_order":0,"comment_status":"closed","ping_status":"closed","template":"","meta":{"_acf_changed":false,"inline_featured_image":false,"footnotes":""},"class_list":["post-11179","page","type-page","status-publish","hentry"],"acf":[],"_links":{"self":[{"href":"https:\/\/ewod.ut.ee\/et\/wp-json\/wp\/v2\/pages\/11179","targetHints":{"allow":["GET"]}}],"collection":[{"href":"https:\/\/ewod.ut.ee\/et\/wp-json\/wp\/v2\/pages"}],"about":[{"href":"https:\/\/ewod.ut.ee\/et\/wp-json\/wp\/v2\/types\/page"}],"author":[{"embeddable":true,"href":"https:\/\/ewod.ut.ee\/et\/wp-json\/wp\/v2\/users\/43"}],"replies":[{"embeddable":true,"href":"https:\/\/ewod.ut.ee\/et\/wp-json\/wp\/v2\/comments?post=11179"}],"version-history":[{"count":3,"href":"https:\/\/ewod.ut.ee\/et\/wp-json\/wp\/v2\/pages\/11179\/revisions"}],"predecessor-version":[{"id":11185,"href":"https:\/\/ewod.ut.ee\/et\/wp-json\/wp\/v2\/pages\/11179\/revisions\/11185"}],"up":[{"embeddable":true,"href":"https:\/\/ewod.ut.ee\/et\/wp-json\/wp\/v2\/pages\/6484"}],"wp:attachment":[{"href":"https:\/\/ewod.ut.ee\/et\/wp-json\/wp\/v2\/media?parent=11179"}],"curies":[{"name":"wp","href":"https:\/\/api.w.org\/{rel}","templated":true}]}}