{"id":11324,"date":"2024-04-03T23:40:23","date_gmt":"2024-04-03T20:40:23","guid":{"rendered":"https:\/\/sisu.ut.ee\/ewod\/?page_id=11324"},"modified":"2026-08-26T14:22:05","modified_gmt":"2026-08-26T11:22:05","slug":"mihkel-kunnus","status":"publish","type":"page","link":"https:\/\/ewod.ut.ee\/et\/k\/mihkel-kunnus\/","title":{"rendered":"Mihkel Kunnus"},"content":{"rendered":"<figure class=\"wp-block-image alignright size-large is-resized\"><a href=\"https:\/\/sisu.ut.ee\/wp-content\/uploads\/sites\/108\/mihkel_kunnus_alar_madisson-scaled.jpg\"><img loading=\"lazy\" decoding=\"async\" width=\"681\" height=\"1024\" src=\"https:\/\/sisu.ut.ee\/wp-content\/uploads\/sites\/108\/mihkel_kunnus_alar_madisson-681x1024.jpg\" alt=\"\" class=\"wp-image-6263\" style=\"aspect-ratio:0.6650451260647844;width:213px;height:auto\" title=\"Foto: Alar Madisson\" srcset=\"https:\/\/sisu.ut.ee\/wp-content\/uploads\/sites\/108\/mihkel_kunnus_alar_madisson-681x1024.jpg 681w, https:\/\/sisu.ut.ee\/wp-content\/uploads\/sites\/108\/mihkel_kunnus_alar_madisson-200x300.jpg 200w, https:\/\/sisu.ut.ee\/wp-content\/uploads\/sites\/108\/mihkel_kunnus_alar_madisson-768x1154.jpg 768w, https:\/\/sisu.ut.ee\/wp-content\/uploads\/sites\/108\/mihkel_kunnus_alar_madisson-1022x1536.jpg 1022w, https:\/\/sisu.ut.ee\/wp-content\/uploads\/sites\/108\/mihkel_kunnus_alar_madisson-1363x2048.jpg 1363w, https:\/\/sisu.ut.ee\/wp-content\/uploads\/sites\/108\/mihkel_kunnus_alar_madisson-1920x2885.jpg 1920w, https:\/\/sisu.ut.ee\/wp-content\/uploads\/sites\/108\/mihkel_kunnus_alar_madisson-scaled.jpg 1703w\" sizes=\"auto, (max-width: 681px) 100vw, 681px\"><\/a><\/figure>\n\n\n\n<p class=\"wp-block-paragraph\">Mihkel Kunnus (s. 23. II 1982) on esseist ja kriitik.<\/p>\n\n\n\n<p class=\"wp-block-paragraph\">Kunnus on p\u00e4rit Uhtnast (L\u00e4\u00e4ne-Virumaal), \u00f5ppinud Kaareperes (J\u00f5gevamaal), N\u00f5o Reaalg\u00fcmnaasiumis (Tartumaal) ja keemiat Tartu \u00dclikoolis ning l\u00f5petanud sealsamas semiootika ja kulturoloogia eriala magistri\u00f5ppe. On t\u00f6\u00f6tanud \u00f5petaja ja \u00f5ppej\u00f5una ning on ajalehe Postimees, sh keskkonnaportaali Trinokkel toimetaja. Eesti Kirjanike Liidu liige alates 2012. aastast. P\u00e4lvis kultuurilehe Sirp aastaauhinna 2010. aastal ning Elli Soolo pseudon\u00fc\u00fcmi all 2012. aastal, samal aastal p\u00e4lvis ka Tartu Kultuurikandja aunimetuse.<\/p>\n\n\n\n<p class=\"wp-block-paragraph\">Kirjandus- ja kultuurikriitiku ning publitsistina t\u00f5usis Kunnus esile 2010. aastatel. Ta paistab silma isikup\u00e4raste, erudeeritud, argumenteeritud ja ajuti radikaalsete (ebastereot\u00fc\u00fcpsete) seisukohtadega. Maailmavaatelt on Kunnus m\u00e4\u00e4ratlenud end konservatiivina. Esseid ja arvustusi koondavad kogumikud \u201eMinu eugeenika saladus: kultuurieugeenilisi koode\u201c (2012) ja \u201eRoheline s\u00fc\u00fc\u201c (2014), milles leiab nii eesti kirjanduse kui mitmesuguste sotsiaalsete ja \u00fchiskondlike teemade k\u00e4sitlusi. Olulisel kohal Kunnuse m\u00f5tteraamistikus on ratsionaalsus ja moraalsus, iseloomulikuks tehniliseks v\u00f5tteks muuhulgas paradoks.<\/p>\n\n\n\n<p class=\"wp-block-paragraph\"><em>A. K.<\/em><\/p>\n\n\n\n<h4 class=\"wp-block-heading\"><br>Raamatud eesti keeles<\/h4>\n\n\n\n<p class=\"wp-block-paragraph\"><em><strong>Luule<\/strong><\/em><br>Elli Soolo, <strong>Teine tegupool<\/strong>. Tartu: Vabam\u00f5tleja, 2018, 80 lk.<\/p>\n\n\n\n<p class=\"wp-block-paragraph\"><em><strong>Esseed ja artiklid<\/strong><\/em><br><strong>Minu eugeenika saladus: kultuurieugeenilisi koode<\/strong>. Saarde, P\u00e4rnu: Jumalikud Ilmutused, 2012, 265 lk.<br><strong>Roheline s\u00fc\u00fc<\/strong>. Saarde, P\u00e4rnu: Jumalikud Ilmutused, 2014, 164 lk.<br><strong>P\u00e4\u00e4stepaadieetika<\/strong>. P\u00e4rnu: Jumalikud Ilmutused, 2018, 228 lk.<\/p>\n","protected":false},"excerpt":{"rendered":"<p>Mihkel Kunnus (s. 23. II 1982) on esseist ja kriitik. Kunnus on p\u00e4rit Uhtnast (L\u00e4\u00e4ne-Virumaal), \u00f5ppinud Kaareperes (J\u00f5gevamaal), N\u00f5o Reaalg\u00fcmnaasiumis (Tartumaal) ja keemiat Tartu \u00dclikoolis ning l\u00f5petanud sealsamas semiootika ja kulturoloogia eriala magistri\u00f5ppe. On t\u00f6\u00f6tanud \u00f5petaja ja \u00f5ppej\u00f5una ning on &#8230;<\/p>\n","protected":false},"author":43,"featured_media":0,"parent":6484,"menu_order":0,"comment_status":"closed","ping_status":"closed","template":"","meta":{"_acf_changed":false,"inline_featured_image":false,"footnotes":""},"class_list":["post-11324","page","type-page","status-publish","hentry"],"acf":[],"_links":{"self":[{"href":"https:\/\/ewod.ut.ee\/et\/wp-json\/wp\/v2\/pages\/11324","targetHints":{"allow":["GET"]}}],"collection":[{"href":"https:\/\/ewod.ut.ee\/et\/wp-json\/wp\/v2\/pages"}],"about":[{"href":"https:\/\/ewod.ut.ee\/et\/wp-json\/wp\/v2\/types\/page"}],"author":[{"embeddable":true,"href":"https:\/\/ewod.ut.ee\/et\/wp-json\/wp\/v2\/users\/43"}],"replies":[{"embeddable":true,"href":"https:\/\/ewod.ut.ee\/et\/wp-json\/wp\/v2\/comments?post=11324"}],"version-history":[{"count":1,"href":"https:\/\/ewod.ut.ee\/et\/wp-json\/wp\/v2\/pages\/11324\/revisions"}],"predecessor-version":[{"id":11325,"href":"https:\/\/ewod.ut.ee\/et\/wp-json\/wp\/v2\/pages\/11324\/revisions\/11325"}],"up":[{"embeddable":true,"href":"https:\/\/ewod.ut.ee\/et\/wp-json\/wp\/v2\/pages\/6484"}],"wp:attachment":[{"href":"https:\/\/ewod.ut.ee\/et\/wp-json\/wp\/v2\/media?parent=11324"}],"curies":[{"name":"wp","href":"https:\/\/api.w.org\/{rel}","templated":true}]}}