{"id":11329,"date":"2024-04-03T23:42:03","date_gmt":"2024-04-03T20:42:03","guid":{"rendered":"https:\/\/sisu.ut.ee\/ewod\/?page_id=11329"},"modified":"2026-08-26T14:32:13","modified_gmt":"2026-08-26T11:32:13","slug":"kalle-kurg","status":"publish","type":"page","link":"https:\/\/ewod.ut.ee\/et\/k\/kalle-kurg\/","title":{"rendered":"Kalle Kurg"},"content":{"rendered":"<figure class=\"wp-block-image alignright size-large is-resized\"><a href=\"https:\/\/sisu.ut.ee\/wp-content\/uploads\/sites\/108\/kalle_kurg_elmar_kivaste-scaled.jpg\"><img loading=\"lazy\" decoding=\"async\" width=\"689\" height=\"1024\" src=\"https:\/\/sisu.ut.ee\/wp-content\/uploads\/sites\/108\/kalle_kurg_elmar_kivaste-689x1024.jpg\" alt=\"\" class=\"wp-image-6362\" style=\"aspect-ratio:0.6728552840490505;width:265px;height:auto\" title=\"Foto: Elmar Kivaste\" srcset=\"https:\/\/sisu.ut.ee\/wp-content\/uploads\/sites\/108\/kalle_kurg_elmar_kivaste-689x1024.jpg 689w, https:\/\/sisu.ut.ee\/wp-content\/uploads\/sites\/108\/kalle_kurg_elmar_kivaste-202x300.jpg 202w, https:\/\/sisu.ut.ee\/wp-content\/uploads\/sites\/108\/kalle_kurg_elmar_kivaste-768x1141.jpg 768w, https:\/\/sisu.ut.ee\/wp-content\/uploads\/sites\/108\/kalle_kurg_elmar_kivaste-1034x1536.jpg 1034w, https:\/\/sisu.ut.ee\/wp-content\/uploads\/sites\/108\/kalle_kurg_elmar_kivaste-1378x2048.jpg 1378w, https:\/\/sisu.ut.ee\/wp-content\/uploads\/sites\/108\/kalle_kurg_elmar_kivaste-1920x2853.jpg 1920w, https:\/\/sisu.ut.ee\/wp-content\/uploads\/sites\/108\/kalle_kurg_elmar_kivaste-scaled.jpg 1723w\" sizes=\"auto, (max-width: 689px) 100vw, 689px\"><\/a><\/figure>\n\n\n\n<p class=\"wp-block-paragraph\">Kalle Kurg (pseudon\u00fc\u00fcmid: Krisostomus Silvester, Karl Kelgu, K. Uustalu jt, s\u00fcnd. 25. V 1942) on kirjanik, kriitik, t\u00f5lkija ja toimetaja.<\/p>\n\n\n\n<p class=\"wp-block-paragraph\">Kurg s\u00fcndis Tartus. Ta l\u00f5petas 1961. aastal P\u00e4rnus keskkooli ja 1966. aastal Tartu Riikliku \u00dclikooli eesti filoloogina. Kurg deb\u00fcteeris \u00f5pingute ajal, 1958. aastal tr\u00fckis\u00f5nas kaast\u00f6\u00f6ga kohalikule ajalehele. 1960. aastal valiti ta Tartu Noorte Autorite Koondise ja 1970. aastal Kirjanike Liidu Tallinna noorte sektsiooni esimeheks. P\u00e4rast \u00fclikooli l\u00f5petamist t\u00f6\u00f6tas Kurg aastatel 1967\u20131969 ajakirja Eesti Loodus kunstilise toimetajana ja aastatel 1969\u20131971 Eesti Televisiooni kunstisaadete vanemtoimetajana. 1971. aastal suundus Kalle Kurg ajakirja Looming toimetusse, kus ta oli publitsistikaosakonna juhataja, 1975. aastal peatoimetaja aset\u00e4itja. 1976. aastal valis Kirjanike Liidu juhatus Kalle Kure Loomingu peatoimetajaks ja ta t\u00f6\u00f6tas selles ametis 1988. aasta jaanuarini. 1992. aastal algatas Kurg kultuuriajakirja Sina ja Mina. Kurg on olnud kirjastuse Ilo direktor ja kirjastuse Kunst peatoimetaja. Ta oli NLKP liige 1972-1989 ning on Kirjanike Liidu liige 1975. aastast.<\/p>\n\n\n\n<p class=\"wp-block-paragraph\">Kalle Kurelt on ilmunud aastate jooksul hulgaliselt luuletusi, l\u00fc\u00fcrilisi miniatuure, novelle, satiire ja muud. 1999. aastal avaldatud koondkogu \u201ePimeduse v\u00e4rvid\u201c sisaldab luulet ja teatritekste aastatest 1960\u20131990. Tooni annavad autobiograafilisus, traagiline ja irooniline vaade N\u00f5ukogude ajale, laulva revolutsiooni aegne vabanemisootus, kuid ka armastusluule, inimliku l\u00e4heduse teema ning eksistentsiaalne probleemistik. Kurg on kirjutanud arvukalt novelle, mida on loetud raadios ette. Aastatel 2000\u20132005 oli Kurel Klassikaraadios oma saatesari, kus ta luges viie ja kolmveerandi aasta jooksul iga kuu ette kaks uut saate jaoks kirjutatud n\u00fc\u00fcdisaja teemalist novelli.<\/p>\n\n\n\n<p class=\"wp-block-paragraph\">Kirjanduskriitiliste t\u00f6\u00f6de eest on Kalle Kurg p\u00e4lvinud ajalehe Edasi kriitikav\u00f5istluse auhinna (1965), ajalehe Sirp ja Vasar aastapreemia (1974 ja 1980), NSVL Kirjanike Liidu aastapreemia (1978). Kirjanduskriitika k\u00f5rval on Kurg kirjutanud teatrikriitikat. Ta on kirjutanud ka n\u00e4idendeid. Tema n\u00e4idend \u201eLiigvesi\u201c p\u00f5hineb <a href=\"https:\/\/ewod.ut.ee\/et\/t\/a-h-tammsaare\/\" data-type=\"page\" data-id=\"8618\">A. H. Tammsaare<\/a> motiividel.<\/p>\n\n\n\n<p class=\"wp-block-paragraph\">Kurg on t\u00f5lkinud ilukirjandust ja filosoofilist kirjandust. Ta on p\u00f5hiliselt t\u00f5lkinud soome, prantsuse, saksa ja inglise keelest. Luulet\u00f5lkeid hakkas temalt ilmuma 1970. aastatel.<\/p>\n\n\n\n<p class=\"wp-block-paragraph\"><em>L. P.<\/em><\/p>\n\n\n\n<h4 class=\"wp-block-heading\"><br>Raamatud eesti keeles<\/h4>\n\n\n\n<p class=\"wp-block-paragraph\"><strong><em>Luule, n\u00e4idendid<\/em><\/strong><br><strong>Pimeduse v\u00e4rvid: 1960\u20131990<\/strong>. Tallinn: Virgela, 1999. 252 lk.<\/p>\n","protected":false},"excerpt":{"rendered":"<p>Kalle Kurg (pseudon\u00fc\u00fcmid: Krisostomus Silvester, Karl Kelgu, K. Uustalu jt, s\u00fcnd. 25. V 1942) on kirjanik, kriitik, t\u00f5lkija ja toimetaja. Kurg s\u00fcndis Tartus. Ta l\u00f5petas 1961. aastal P\u00e4rnus keskkooli ja 1966. aastal Tartu Riikliku \u00dclikooli eesti filoloogina. Kurg deb\u00fcteeris \u00f5pingute &#8230;<\/p>\n","protected":false},"author":43,"featured_media":0,"parent":6484,"menu_order":0,"comment_status":"closed","ping_status":"closed","template":"","meta":{"_acf_changed":false,"inline_featured_image":false,"footnotes":""},"class_list":["post-11329","page","type-page","status-publish","hentry"],"acf":[],"_links":{"self":[{"href":"https:\/\/ewod.ut.ee\/et\/wp-json\/wp\/v2\/pages\/11329","targetHints":{"allow":["GET"]}}],"collection":[{"href":"https:\/\/ewod.ut.ee\/et\/wp-json\/wp\/v2\/pages"}],"about":[{"href":"https:\/\/ewod.ut.ee\/et\/wp-json\/wp\/v2\/types\/page"}],"author":[{"embeddable":true,"href":"https:\/\/ewod.ut.ee\/et\/wp-json\/wp\/v2\/users\/43"}],"replies":[{"embeddable":true,"href":"https:\/\/ewod.ut.ee\/et\/wp-json\/wp\/v2\/comments?post=11329"}],"version-history":[{"count":1,"href":"https:\/\/ewod.ut.ee\/et\/wp-json\/wp\/v2\/pages\/11329\/revisions"}],"predecessor-version":[{"id":11330,"href":"https:\/\/ewod.ut.ee\/et\/wp-json\/wp\/v2\/pages\/11329\/revisions\/11330"}],"up":[{"embeddable":true,"href":"https:\/\/ewod.ut.ee\/et\/wp-json\/wp\/v2\/pages\/6484"}],"wp:attachment":[{"href":"https:\/\/ewod.ut.ee\/et\/wp-json\/wp\/v2\/media?parent=11329"}],"curies":[{"name":"wp","href":"https:\/\/api.w.org\/{rel}","templated":true}]}}