{"id":8167,"date":"2024-04-03T23:40:10","date_gmt":"2024-04-03T20:40:10","guid":{"rendered":"https:\/\/sisu.ut.ee\/ewod\/?page_id=8167"},"modified":"2026-04-13T14:42:58","modified_gmt":"2026-04-13T11:42:58","slug":"tarmo-vahter","status":"publish","type":"page","link":"https:\/\/ewod.ut.ee\/et\/v\/tarmo-vahter\/","title":{"rendered":"Tarmo Vahter"},"content":{"rendered":"<p>Tarmo Vahter (s\u00fcnd. 30. VI 1970) on ajakirjanik ja mitme dokumentaalteose autor.<\/p>\n\n\n\n<p>Vahter l\u00f5petas 1994. aastal Tartu \u00dclikooli ajakirjanduse erialal. Ta on t\u00f6\u00f6tanud 1992. aastast alates ajalehes Eesti Ekspress ajakirjanikuna. Ta on Kirjanike Liidu liige 2022. aastast. Tema vend Tauno Vahter on kirjanik ja kirjastuse T\u00e4nap\u00e4ev peatoimetaja.<\/p>\n\n\n\n<p>Vahter on avaldanud mitu raamatut Eesti l\u00e4hiajaloost. 2009. aastal avaldas Vahter raamatu \u201eLennart Meri. Kolmat p\u00f5lve poliitik\u201d, mis jutustab presidendi suguv\u00f5sa elust alates 20. sajandi algusest kuni Stalini aja l\u00f5puni. Raamat \u201eVaba riigi tulek: 1991. Kuus otsustavat kuud\u201d ilmus 2011. aastal. Teos p\u00f5hineb Eesti v\u00e4lisministeeriumi, politsei ja teiste riigiasutuste, aga ka USA arhiivide seni avaldamata materjalidel. Eesti piirikaitse korrapidaja p\u00e4evaraamatu kannete p\u00f5hjal taastab raamat augustiput\u0161i k\u00e4igu Eestis. 2012. aastal ilmus \u201eVaba riigi tulek\u201d vene keeles pealkirjaga \u201e\u042d\u0441\u0442\u043e\u043d\u0438\u044f: \u0436\u0430\u0440\u043a\u043e\u0435 \u043b\u0435\u0442\u043e 91-\u0433\u043e. \u0410\u0432\u0433\u0443\u0441\u0442\u043e\u0432\u0441\u043a\u0438\u0439 \u043f\u0443\u0442\u0447 \u0438 \u0432\u043e\u0437\u0440\u043e\u0436\u0434\u0435\u043d\u0438\u0435 \u043d\u0435\u0437\u0430\u0432\u0438\u0441\u0438\u043c\u043e\u0441\u0442\u0438\u201d.<\/p>\n\n\n\n<p>2021. aasta detsembris ilmus Vahterilt raamat \u201eV\u00f5itlus tuleviku p\u00e4rast. 1933\u20131936: P\u00e4tsi aja r\u00e4\u00e4kimata lood\u201d. Teos jutustab riigivanem Konstantin P\u00e4tsi v\u00f5imuhaaramisest 12. m\u00e4rtsil 1934 ning sellele vahetult eelnenud ja j\u00e4rgnenud s\u00fcndmustest. Materjali kogumine raamatu jaoks ja selle kirjutamine v\u00f5ttis Vahteril umbes viis aastat. Lisaks Eesti arhiividele otsis ta informatsiooni Soome, Briti, Saksa ja USA arhiividest.<br><br><em>L. P.<\/em><\/p>\n\n\n\n<h4 class=\"wp-block-heading\"><br>Raamatud eesti keeles<\/h4>\n\n\n\n<p><strong><em>Dokumentalistika<\/em><\/strong><br><strong>Lennart Meri. Kolmat p\u00f5lve poliitik: lugusid, dokumente ja pilte Lennart Merist ja tema esivanematest<\/strong>. Tallinn: Eesti Ekspressi Kirjastus, 2009. 168 lk.<br><strong>Vaba riigi tulek: 1991. Kuus otsustavat kuud<\/strong>. Tallinn: Eesti Ekspress, 2011. 336 lk.<br><strong>\u201eKaruks istus vangitornis\u2026\u201d: 1980 \u2013 aasta, mis raputas Eestit<\/strong>. Tallinn: Hea Lugu, 2015. 486 lk.<br><strong>V\u00f5itlus tuleviku p\u00e4rast. 1933\u20131936: P\u00e4tsi aja r\u00e4\u00e4kimata lood<\/strong>. Tallinn: Heliades, 2021. 400 lk.<\/p>\n","protected":false},"excerpt":{"rendered":"<p>Tarmo Vahter (s\u00fcnd. 30. VI 1970) on ajakirjanik ja mitme dokumentaalteose autor. Vahter l\u00f5petas 1994. aastal Tartu \u00dclikooli ajakirjanduse erialal. Ta on t\u00f6\u00f6tanud 1992. aastast alates ajalehes Eesti Ekspress ajakirjanikuna. Ta on Kirjanike Liidu liige 2022. aastast. Tema vend Tauno &#8230;<\/p>\n","protected":false},"author":43,"featured_media":0,"parent":6512,"menu_order":0,"comment_status":"closed","ping_status":"closed","template":"","meta":{"_acf_changed":false,"inline_featured_image":false,"footnotes":""},"class_list":["post-8167","page","type-page","status-publish","hentry"],"acf":[],"_links":{"self":[{"href":"https:\/\/ewod.ut.ee\/et\/wp-json\/wp\/v2\/pages\/8167","targetHints":{"allow":["GET"]}}],"collection":[{"href":"https:\/\/ewod.ut.ee\/et\/wp-json\/wp\/v2\/pages"}],"about":[{"href":"https:\/\/ewod.ut.ee\/et\/wp-json\/wp\/v2\/types\/page"}],"author":[{"embeddable":true,"href":"https:\/\/ewod.ut.ee\/et\/wp-json\/wp\/v2\/users\/43"}],"replies":[{"embeddable":true,"href":"https:\/\/ewod.ut.ee\/et\/wp-json\/wp\/v2\/comments?post=8167"}],"version-history":[{"count":3,"href":"https:\/\/ewod.ut.ee\/et\/wp-json\/wp\/v2\/pages\/8167\/revisions"}],"predecessor-version":[{"id":8171,"href":"https:\/\/ewod.ut.ee\/et\/wp-json\/wp\/v2\/pages\/8167\/revisions\/8171"}],"up":[{"embeddable":true,"href":"https:\/\/ewod.ut.ee\/et\/wp-json\/wp\/v2\/pages\/6512"}],"wp:attachment":[{"href":"https:\/\/ewod.ut.ee\/et\/wp-json\/wp\/v2\/media?parent=8167"}],"curies":[{"name":"wp","href":"https:\/\/api.w.org\/{rel}","templated":true}]}}