{"id":8198,"date":"2024-04-03T23:41:44","date_gmt":"2024-04-03T20:41:44","guid":{"rendered":"https:\/\/sisu.ut.ee\/ewod\/?page_id=8198"},"modified":"2026-04-13T16:03:56","modified_gmt":"2026-04-13T13:03:56","slug":"berk-vaher","status":"publish","type":"page","link":"https:\/\/ewod.ut.ee\/et\/v\/berk-vaher\/","title":{"rendered":"Berk Vaher"},"content":{"rendered":"<figure class=\"wp-block-image alignright size-large is-resized\"><a href=\"https:\/\/sisu.ut.ee\/wp-content\/uploads\/sites\/108\/berk_alar_madisson.jpg\"><img loading=\"lazy\" decoding=\"async\" width=\"679\" height=\"1024\" src=\"https:\/\/sisu.ut.ee\/wp-content\/uploads\/sites\/108\/berk_vaike_alar_madisson-679x1024.jpg\" alt=\"\" class=\"wp-image-6364\" style=\"aspect-ratio:0.6630851631794281;width:245px;height:auto\" title=\"Foto: Alar Madisson\" srcset=\"https:\/\/sisu.ut.ee\/wp-content\/uploads\/sites\/108\/berk_vaike_alar_madisson-679x1024.jpg 679w, https:\/\/sisu.ut.ee\/wp-content\/uploads\/sites\/108\/berk_vaike_alar_madisson-199x300.jpg 199w, https:\/\/sisu.ut.ee\/wp-content\/uploads\/sites\/108\/berk_vaike_alar_madisson-768x1159.jpg 768w, https:\/\/sisu.ut.ee\/wp-content\/uploads\/sites\/108\/berk_vaike_alar_madisson-1018x1536.jpg 1018w, https:\/\/sisu.ut.ee\/wp-content\/uploads\/sites\/108\/berk_vaike_alar_madisson-1357x2048.jpg 1357w, https:\/\/sisu.ut.ee\/wp-content\/uploads\/sites\/108\/berk_vaike_alar_madisson.jpg 1604w\" sizes=\"auto, (max-width: 679px) 100vw, 679px\"><\/a><\/figure>\n\n\n\n<p>Berk Vaher (s. 30.06.1975) on kirjanik ja kriitik.<\/p>\n\n\n\n<p>Vaher s\u00fcndis Kohtla-J\u00e4rvel. Ta on \u00f5ppinud Viljandis ja inglise filoloogiat Tartu \u00dclikoolis. Magistrikraadi omandas Vaher Suurbritannia Warwicki \u00fclikoolist, magistrit\u00f6\u00f6 k\u00e4sitles briti subkultuure. Vaher on olnud Tartu \u00dclikooli \u00f5ppej\u00f5ud. Ta on Eesti Kirjanike Liidu liige 2002. aastast; aastatel 2005-2011, 2014-2025 oli EKL Tartu osakonna esimees. Ta kuulub r\u00fchmitusse Erakkond. P\u00e4lvinud Tartu Kultuurikandja aunimetuse (2003, 2005), Juri Lotmani stipendiumi (2008) ja Ants Orase nimelise kirjanduskriitika auhinna (2017).<\/p>\n\n\n\n<p>Vaher tuli kirjandusse 1990. aastate teisel poolel, deb\u00fc\u00fctraamat, l\u00fchiproosakogu \u201ePilved asfaldile\u201c ilmus 2000. aastal, paistes silma meeleolude ja seisundite kaunis\u00f5naliste kirjelduste ning kujundite k\u00fcllusega. Vaherile iseloomulikult on s\u00fcndmustik tagaplaanil, olulisel kohal on unen\u00e4od, intellektuaalsed ja rikkalikud m\u00e4ngud tekstiga ja tekstidega. N\u00e4iteks kogu \u201eKaval kuuldavus\u201c (2001) on kompleksne n\u00e4ide inter- ja metatekstuaalsetest seostest, millele lisanduvad m\u00e4ngud kirjam\u00e4rkide ja tekstiformaadiga. Novellikogus \u201eSekeldaja p\u00e4evad\u201c (2004) on autor \u00e4ra tuntav mitme loo peategelasena, teemad on valdavalt intellektuaalset laadi. Vaheri teosed on kavakindlalt l\u00e4bikomponeeritud. Postmodernistlike keele-, s\u00f5na-, kujundi- ja t\u00e4hendusm\u00e4ngude ilmekaks n\u00e4iteks on romaan \u201eLugulaul\u201c (2002), mis autorile omaselt eeldab samav\u00f5rra erudeeritud lugejat. Proosaraamatutes leidub v\u00e4rsistatud tekste, eraldi luulekogu \u201eSilmanurga taga\u201c (2018) on kantud samuti intellektuaalsetest ja intertekstuaalsetest m\u00e4ngudest keele, tekstide ja t\u00e4hendustega.<\/p>\n\n\n\n<p>Kirjanduskriitilisi ja kirjandust m\u00f5testavaid artikleid koondab Vaheri \u201eS\u00f5nastamatu lend s\u00f5nades\u201c (2014), kus kesksel kohal on Valdur Mikita, Mehis Heinsaare, Ervin \u00d5unapuu ja Nikolai Baturini k\u00e4sitlused.<\/p>\n\n\n\n<p>Berk Vaher on olnud \u00fcks aktiivsemaid eksperimentaalkultuuri edendajaid Eestis. Ta asutas 2002. aastal avangard-ajakirja Vihik ning 2004. aastal eksperimentaalse kultuuri festivali Eclectica. Ta on teinud raadiosaateid (nt kirjandussaade Spiikker), olnud kirjandusfestivali PrimaVista \u00fcks algatajaid, kirjutanud muusikast ja tegutsenud DJna. Selle suuna n\u00e4iteks on ka raamat \u201eM\u00fc\u00fcmata naer\u201c (2006) vestlustest laulja ja muusiku T\u00f5nis M\u00e4giga. Vaher oli ka oli Tartu kui 2024. aasta Euroopa kultuuripealinna loomen\u00f5ukogu liige.<\/p>\n\n\n\n<p><em>A. K.<\/em><\/p>\n\n\n\n<h4 class=\"wp-block-heading\"><br>Raamatud eesti keeles<\/h4>\n\n\n\n<p><strong><em>Romaanid<\/em><\/strong><br><strong>Lugulaul<\/strong>. Tartu: Erakkond, 2002, 383 lk<\/p>\n\n\n\n<p><strong><em>Luule<\/em><\/strong><br><strong>Kaval kuuldavus<\/strong>: luuletused ja l\u00fchijutud. Tallinn: Erakkond, 2001, 106 lk<br><strong>Silmanurga taga<\/strong>. Tartu: Elusamus, 2018, 54 lk<br><strong>Tantsuks m\u00e4ngib elu<\/strong>. Tallinn: Tuum, 2026, 52 lk.<\/p>\n\n\n\n<p><strong><em>L\u00fchiproosa<\/em><\/strong><br><strong>Pilved asfaldile<\/strong>: jutte ja muidujutte 1993-1999. Tartu: Erakkond, 2000, 105 lk<br><strong>Kaval kuuldavus<\/strong>: luuletused ja l\u00fchijutud. Tallinn: Erakkond, 2001, 106 lk<br><strong>Sekeldaja p\u00e4evad<\/strong>: novellid. Tallinn: Tuum, 2004, 136 lk<\/p>\n\n\n\n<p><em><strong>Esseed ja artiklid<\/strong><\/em><br><strong>S\u00f5nastamatu lend s\u00f5nades: kirjutisi kirjandusest. I<\/strong>. Tallinn: Eesti Keele Sihtasutus, 2014, 310 lk<\/p>\n\n\n\n<p><strong><em>Varia<\/em><\/strong><br>T\u00f5nis M\u00e4gi, Berk Vaher, <strong>M\u00fc\u00fcmata naer<\/strong>. Tallinn: Ilo, 2006, 208 lk<\/p>\n","protected":false},"excerpt":{"rendered":"<p>Berk Vaher (s. 30.06.1975) on kirjanik ja kriitik. Vaher s\u00fcndis Kohtla-J\u00e4rvel. Ta on \u00f5ppinud Viljandis ja inglise filoloogiat Tartu \u00dclikoolis. Magistrikraadi omandas Vaher Suurbritannia Warwicki \u00fclikoolist, magistrit\u00f6\u00f6 k\u00e4sitles briti subkultuure. Vaher on olnud Tartu \u00dclikooli \u00f5ppej\u00f5ud. Ta on Eesti Kirjanike &#8230;<\/p>\n","protected":false},"author":43,"featured_media":0,"parent":6512,"menu_order":0,"comment_status":"closed","ping_status":"closed","template":"","meta":{"_acf_changed":false,"inline_featured_image":false,"footnotes":""},"class_list":["post-8198","page","type-page","status-publish","hentry"],"acf":[],"_links":{"self":[{"href":"https:\/\/ewod.ut.ee\/et\/wp-json\/wp\/v2\/pages\/8198","targetHints":{"allow":["GET"]}}],"collection":[{"href":"https:\/\/ewod.ut.ee\/et\/wp-json\/wp\/v2\/pages"}],"about":[{"href":"https:\/\/ewod.ut.ee\/et\/wp-json\/wp\/v2\/types\/page"}],"author":[{"embeddable":true,"href":"https:\/\/ewod.ut.ee\/et\/wp-json\/wp\/v2\/users\/43"}],"replies":[{"embeddable":true,"href":"https:\/\/ewod.ut.ee\/et\/wp-json\/wp\/v2\/comments?post=8198"}],"version-history":[{"count":2,"href":"https:\/\/ewod.ut.ee\/et\/wp-json\/wp\/v2\/pages\/8198\/revisions"}],"predecessor-version":[{"id":8201,"href":"https:\/\/ewod.ut.ee\/et\/wp-json\/wp\/v2\/pages\/8198\/revisions\/8201"}],"up":[{"embeddable":true,"href":"https:\/\/ewod.ut.ee\/et\/wp-json\/wp\/v2\/pages\/6512"}],"wp:attachment":[{"href":"https:\/\/ewod.ut.ee\/et\/wp-json\/wp\/v2\/media?parent=8198"}],"curies":[{"name":"wp","href":"https:\/\/api.w.org\/{rel}","templated":true}]}}