{"id":8443,"date":"2024-04-03T23:39:55","date_gmt":"2024-04-03T20:39:55","guid":{"rendered":"https:\/\/sisu.ut.ee\/ewod\/?page_id=8443"},"modified":"2026-04-21T12:42:25","modified_gmt":"2026-04-21T09:42:25","slug":"toivo-tootsen","status":"publish","type":"page","link":"https:\/\/ewod.ut.ee\/et\/t\/toivo-tootsen\/","title":{"rendered":"Toivo Tootsen"},"content":{"rendered":"<figure class=\"wp-block-image alignright size-large is-resized\"><a href=\"https:\/\/sisu.ut.ee\/wp-content\/uploads\/sites\/108\/toivo_tootsen_kalju_suur-scaled.jpg\"><img loading=\"lazy\" decoding=\"async\" width=\"650\" height=\"1024\" src=\"https:\/\/sisu.ut.ee\/wp-content\/uploads\/sites\/108\/toivo_tootsen_kalju_suur-650x1024.jpg\" alt=\"\" class=\"wp-image-6419\" style=\"aspect-ratio:0.6347713328783857;width:230px;height:auto\" title=\"Foto: Kalju Suur\" srcset=\"https:\/\/sisu.ut.ee\/wp-content\/uploads\/sites\/108\/toivo_tootsen_kalju_suur-650x1024.jpg 650w, https:\/\/sisu.ut.ee\/wp-content\/uploads\/sites\/108\/toivo_tootsen_kalju_suur-191x300.jpg 191w, https:\/\/sisu.ut.ee\/wp-content\/uploads\/sites\/108\/toivo_tootsen_kalju_suur-768x1209.jpg 768w, https:\/\/sisu.ut.ee\/wp-content\/uploads\/sites\/108\/toivo_tootsen_kalju_suur-976x1536.jpg 976w, https:\/\/sisu.ut.ee\/wp-content\/uploads\/sites\/108\/toivo_tootsen_kalju_suur-1301x2048.jpg 1301w, https:\/\/sisu.ut.ee\/wp-content\/uploads\/sites\/108\/toivo_tootsen_kalju_suur-1920x3023.jpg 1920w, https:\/\/sisu.ut.ee\/wp-content\/uploads\/sites\/108\/toivo_tootsen_kalju_suur-scaled.jpg 1626w\" sizes=\"auto, (max-width: 650px) 100vw, 650px\"><\/a><\/figure>\n\n\n\n<p>Toivo Tootsen (s\u00fcnd. 17. VI 1943) Toivo Tootsen on ajakirjanik, kirjanik ja poliitik.<\/p>\n\n\n\n<p>Tootsen s\u00fcndis V\u00f5rumaal R\u00f5uges, k\u00e4is R\u00f5uge 7-klassilises koolis ja l\u00f5petas selle 1957. aastal. Ta j\u00e4tkas \u00f5pinguid V\u00f5ru I Keskkoolis. 1962. aastal l\u00f5petas ta V\u00f5ru T\u00f6\u00f6lisnoorte Keskkooli ja asus t\u00f6\u00f6le V\u00f5ru Maaparanduse Valitsuses abit\u00f6\u00f6lisena, sai tehnikuks ja seej\u00e4rel vanemtehnikuks.<\/p>\n\n\n\n<p>Tootsen \u00f5ppis kaug\u00f5ppes Tartu Riiklikus \u00dclikoolis eesti keelt ja kirjandust ning Tallinna Pedagoogilises Instituudis n\u00e4itejuhtimist. Asunud elama Tallinna, t\u00f6\u00f6tas ta esialgu Eesti Televisiooni mittekoosseisulise korrespondendina. 1963. aastal kutsuti ta ajalehe S\u00e4de toimetuse kirjanduslikuks kaast\u00f6\u00f6liseks. 1967. aastal kutsuti Tootsen t\u00f6\u00f6le Eesti Raadiosse meelelahutussaadete toimetusse, mille juhina ta t\u00f6\u00f6tas 1996. aastani. Tootsen on Eesti Ajakirjanike Liidu liige ja oli aastatel 1995\u20131997 Eesti Ajakirjanike Liidu juhatuse esimees.<\/p>\n\n\n\n<p>1993. aastal hakkas Tootsen tegelema poliitikaga. Ta on Eesti Keskerakonna liige 1994. aastast. Tootsen oli \u00fcle k\u00fcmne aasta Tallinna Linnavolikogus Keskfraktsiooni esimees. 1999. aastal kandideeris ta Riigikogusse ning t\u00f6\u00f6tas seal kolmes koosseisus. Ta on olnud maaelukomisjonis ja \u00f5iguskomisjonis, juhatanud kaks aastat riigikaitsekomisjoni ja olnud selle aseesimees.<\/p>\n\n\n\n<p>Toivo Tootsen on kirjutanud hulgaliselt lasteraamatuid. Ta on loonud vembumehest koolipoisi Joosep J\u00f5hvi tegelaskuju. 1970. aastal ilmus reisiraamatute sarjas \u201eMaailm ja m\u00f5nda\u201c Toivo Tootseni ja tema venna, teleajakirjanik \u00dclo Tootseni (1933\u20132006) kahasse kirjutatud reisikiri \u201eMaa ja mere peal\u201c autorite r\u00e4nnakutest m\u00f6\u00f6da N\u00f5ukogude Liidu riigipiiri. Vanemas eas on Toivo Tootseni sulest ilmunud k\u00e4sitlusi kaasaegsetest v\u00e4ljapaistvatest \u00fchiskonnategelastest ja mitu m\u00e4lestusteraamatut. Ta on kirjutanud edasi J\u00f5hvi Joosepi naljalugude sarja kahasse oma poja T\u00f5nis Tootseniga.<\/p>\n\n\n\n<p><em>L. P.<\/em><\/p>\n\n\n\n<h4 class=\"wp-block-heading\"><br>Raamatud eesti keeles<\/h4>\n\n\n\n<p><strong><em>Lasteraamatud<\/em><\/strong><br><strong>J\u00f5hvi Joosepi jutupaun<\/strong>. Tallinn: Eesti Raamat, 1975. 64 lk.<br><strong>J\u00f5hvi Joosepi juturaamat<\/strong>. Tallinn: Eesti Raamat, 1983. 97 lk.<br><strong>J\u00f5hvi Joosepi jutud<\/strong>. Tallinn: Meelejahutaja, 1996. 31 lk.<br><strong>J\u00f5hvi Joosepi jututuba<\/strong>: lustakat lugemist kogu perele. Toivo ja T\u00f5nis Tootsen. Tallinn: I. Parbus, 2001. 107 lk.<br>Toivo ja T\u00f5nis Tootsen<strong>, J\u00f5hvi Joosepi koolijutud<\/strong>. Tallinn: TEA Kirjastus, 2009. 113 lk.<br><strong>Meie armsad loomad<\/strong>. Tallinn: Absoluutne, 2016. 63 lk.<\/p>\n\n\n\n<p><strong><em>Huumor<\/em><\/strong><br><strong>Ajaviidet: pila- ja pulalood ehk valimata teosed romaanist rahvajutuni<\/strong>. Tallinn, 1992. 31 lk.<\/p>\n\n\n\n<p><strong><em>Reisikirjad<\/em><\/strong><br>\u00dclo ja Toivo Tootsen, <strong>Maa ja mere peal: 35 000 km m\u00f6\u00f6da riigipiiri<\/strong>. Tallinn: Eesti Raamat, 1970. 296 lk.<\/p>\n\n\n\n<p><strong><em>M\u00e4lestused<\/em><\/strong><br><strong>Sihuke ma olen<\/strong>. Tallinn: Revelex Kirjastus, 2005. 100 lk.<br><strong>Sihuke ma olen ja nii ma m\u00f5tlen<\/strong>. Tallinn: T. Tootsen, 2007. 102 lk.<br><strong>Tosin aastat Toompea leival: deputaat Joosepi jutud<\/strong>. Tallinn: Absoluutne, 2011. 207 lk.<br><strong>Minu elu RAMETO-s, ehk, Kuidas me meelt jahutasime<\/strong>. Tallinn: T\u00e4nap\u00e4ev, 2012. 172 lk.<br><strong>Kott seljas \u00fcmber \u201ekodumaa\u201c<\/strong>. Tallinn: Go Group, 2013. 281 lk.<br><strong>Saksa ajal s\u00fcndinu<\/strong>. Tallinn: Maagiline Ruum, 2015. 320 lk.<br><strong>Poisi pesa puu otsas<\/strong>: vana aja jutud. Tallinn: Absoluutne, 2018. 71 lk.<br><strong>Tormide ja tungide aeg Tallinnas<\/strong>. Tallinn: Absoluutne, 2021. 231 lk.<br><strong>Vene ajal v\u00f5rsunu: sissevaade argielule, ajakirjandusele ja huumorile ENSV-s l\u00e4bi \u00fche tollase eluk\u00e4igu<\/strong>. Tallinn: Maagiline Ruum, 2023, 271 lk.<br><strong>Eesti ajal edenenu, ehk, Minu seiklused saadikuna: teekond RAMETO-st ja kooperatiividest l\u00e4bi poliitika ja riigikogu pensionile<\/strong>. Tallinn: Maagiline Ruum, 2024, 350 lk.<\/p>\n\n\n\n<p><strong><em>Elulood<\/em><\/strong><br><strong>Vana H\u00f5be: Hardi Tiidus ja inimesed tema \u00fcmber<\/strong>. Tallinn: Maagiline Ruum, 2013. 319 lk.<\/p>\n\n\n\n<p><strong><em>IIntervjuud<\/em><\/strong><br><strong>Tegijad: Arnold R\u00fc\u00fctel, Edgar Savisaar, Liina T\u00f5nisson, Arvo Haug, Vaino V\u00e4ljas, Eha Kostabi, Hardi Tiidus<\/strong>. Tallinn: I. Parbus, 2003. 150 lk.<\/p>\n\n\n\n<p><strong><em>Ajakirjanduse ajalugu<\/em><\/strong><br><strong>Balti Pressiliit 65<\/strong>. Tallinn: Eesti Ajakirjanike Liit, 1998. 36 lk.<br><strong>Seitsmes suurriik Eestis: fakte, m\u00e4lestusi ja m\u00f5tteid Eesti Ajakirjanike Liidu 85. s\u00fcnnip\u00e4eval<\/strong>. Tallinn: Revelex, 2004. 307 lk.<\/p>\n","protected":false},"excerpt":{"rendered":"<p>Toivo Tootsen (s\u00fcnd. 17. VI 1943) Toivo Tootsen on ajakirjanik, kirjanik ja poliitik. Tootsen s\u00fcndis V\u00f5rumaal R\u00f5uges, k\u00e4is R\u00f5uge 7-klassilises koolis ja l\u00f5petas selle 1957. aastal. Ta j\u00e4tkas \u00f5pinguid V\u00f5ru I Keskkoolis. 1962. aastal l\u00f5petas ta V\u00f5ru T\u00f6\u00f6lisnoorte Keskkooli ja &#8230;<\/p>\n","protected":false},"author":43,"featured_media":0,"parent":6510,"menu_order":0,"comment_status":"closed","ping_status":"closed","template":"","meta":{"_acf_changed":false,"inline_featured_image":false,"footnotes":""},"class_list":["post-8443","page","type-page","status-publish","hentry"],"acf":[],"_links":{"self":[{"href":"https:\/\/ewod.ut.ee\/et\/wp-json\/wp\/v2\/pages\/8443","targetHints":{"allow":["GET"]}}],"collection":[{"href":"https:\/\/ewod.ut.ee\/et\/wp-json\/wp\/v2\/pages"}],"about":[{"href":"https:\/\/ewod.ut.ee\/et\/wp-json\/wp\/v2\/types\/page"}],"author":[{"embeddable":true,"href":"https:\/\/ewod.ut.ee\/et\/wp-json\/wp\/v2\/users\/43"}],"replies":[{"embeddable":true,"href":"https:\/\/ewod.ut.ee\/et\/wp-json\/wp\/v2\/comments?post=8443"}],"version-history":[{"count":2,"href":"https:\/\/ewod.ut.ee\/et\/wp-json\/wp\/v2\/pages\/8443\/revisions"}],"predecessor-version":[{"id":8446,"href":"https:\/\/ewod.ut.ee\/et\/wp-json\/wp\/v2\/pages\/8443\/revisions\/8446"}],"up":[{"embeddable":true,"href":"https:\/\/ewod.ut.ee\/et\/wp-json\/wp\/v2\/pages\/6510"}],"wp:attachment":[{"href":"https:\/\/ewod.ut.ee\/et\/wp-json\/wp\/v2\/media?parent=8443"}],"curies":[{"name":"wp","href":"https:\/\/api.w.org\/{rel}","templated":true}]}}